{"id":1706,"date":"2017-03-13T12:45:21","date_gmt":"2017-03-13T11:45:21","guid":{"rendered":"https:\/\/nas.loo-archief.nl\/wp\/?page_id=1706\/"},"modified":"2022-05-13T08:43:02","modified_gmt":"2022-05-13T06:43:02","slug":"loo-tage","status":"publish","type":"page","link":"https:\/\/www.loo-archief.nl\/de\/loo-tage\/","title":{"rendered":"Loo-Tage"},"content":{"rendered":"\n<p>Das Loo-Treffen am 25.&nbsp; Juni 2022 in Schloss Wissen.<\/p>\n\n\n\n<p><a rel=\"noreferrer noopener\" href=\"https:\/\/www.loo-archief.nl\/wp-content\/uploads\/2022\/05\/Einladung-Loo-Treffen-2022v2.pdf\" data-type=\"URL\" data-id=\"https:\/\/www.loo-archief.nl\/wp-content\/uploads\/2022\/05\/Einladung-Loo-Treffen-2022v2.pdf\" target=\"_blank\">Klicken Sie hier f\u00fcr die versandte Einladung<\/a>.<\/p>\n\n\n\n<p><a href=\"https:\/\/www.loo-archief.nl\/wp-content\/uploads\/2022\/05\/Anmeldungsformular-Loo-Treffen-2022.xlsx\" target=\"_blank\" rel=\"noreferrer noopener\">Klicken Sie hier, um das Anmeldeformular im Excel-Format herunterzuladen<\/a><\/p>\n\n\n\n<p><\/p>\n\n\n\n<p><\/p>\n\n\n\n<p><\/p>\n\n\n<p><\/p>\n\n\n<\/p>\n<h3>Treffen der Familien Van de(r) Loo<\/h3>\n<p>\n\n\n<p><\/p>\n<p>Bereits seit 1922 wurden Familientreffen organisiert. Hier folgt eine vorl\u00e4ufige \u00dcbersicht.<\/p>\n<p>In dem Teil der Website, der nicht f\u00fcr jedermann zug\u00e4nglich ist, sondern nur f\u00fcr F\u00f6rderer der Stiftung, finden Sie die Bilder vom letzten Familientag im Juni 2016 in Loo.<\/p>\n<p>Klicken Sie hier um die Fotos ansehen zu k\u00f6nnen. <span style=\"color: #ff0000;\">(<strong>UNDER CONSTRUCTION: MUSS NOCH GELADEN WERDEN<\/strong><\/span><br><span style=\"color: #ff0000;\">Zu gegebener Zeit folgen LINKS zu den Bildern der anderen Loo-Treffen.<\/span><\/p>\n<table>\n<tbody>\n<tr class=\"su-even\">\n<th><span style=\"font-family: Source Sans Pro, sans-serif;\"><span style=\"font-size: 25.6px; font-weight: 400;\">No.<\/span><\/span><\/th>\n<th><span style=\"font-family: Source Sans Pro, sans-serif;\"><span style=\"font-size: 25.6px; font-weight: 400;\">Jahr<\/span><\/span><\/th>\n<th><span style=\"font-family: Source Sans Pro, sans-serif;\"><span style=\"font-size: 25.6px; font-weight: 400;\">Location<\/span><\/span><\/th>\n<th><span style=\"font-family: Source Sans Pro, sans-serif;\"><span style=\"font-size: 25.6px; font-weight: 400;\">Ort<\/span><\/span><\/th>\n<th><span style=\"font-family: Source Sans Pro, sans-serif;\"><span style=\"font-size: 25.6px; font-weight: 400;\">&nbsp;<\/span><\/span><\/th>\n<th><span style=\"font-family: Source Sans Pro, sans-serif;\"><span style=\"font-size: 25.6px; font-weight: 400;\">&nbsp;<\/span><\/span><\/th>\n<\/tr>\n<tr>\n<td>1<\/td>\n<td>1922<\/td>\n<td>Parkhotel Robbers<\/td>\n<td>Kleef<\/td>\n<td>&nbsp;<\/td>\n<\/tr>\n<tr class=\"su-even\">\n<td>2<\/td>\n<td>1935<\/td>\n<td>Hotel Maywald<\/td>\n<td>Kleef<\/td>\n<td>&nbsp;<\/td>\n<\/tr>\n<tr>\n<td>3<\/td>\n<td>1938<\/td>\n<td>Hotel Loom\u00fchle<\/td>\n<td>Marl<\/td>\n<td>&nbsp;<\/td>\n<\/tr>\n<tr class=\"su-even\">\n<td>4<\/td>\n<td>1939<\/td>\n<td>Soci\u00ebteit te Emmerik<\/td>\n<td>Emmerich<\/td>\n<td>&nbsp;<\/td>\n<\/tr>\n<tr>\n<td>5<\/td>\n<td>1947<\/td>\n<td>Parochiehuis St. Jozef<\/td>\n<td>Arnhem<\/td>\n<td>&nbsp;<\/td>\n<\/tr>\n<tr class=\"su-even\">\n<td>6<\/td>\n<td>1949<\/td>\n<td>Hotel de Bilderberg<\/td>\n<td>Oosterbeek<\/td>\n<td>&nbsp;<\/td>\n<\/tr>\n<tr>\n<td>7<\/td>\n<td>1958<\/td>\n<td>Hotel Groot Berg en Dal<\/td>\n<td>Beek<\/td>\n<td>&nbsp;<\/td>\n<\/tr>\n<tr class=\"su-even\">\n<td>8<\/td>\n<td>1960<\/td>\n<td>Hotel Beekhuizen<\/td>\n<td>Velp<\/td>\n<td>&nbsp;<\/td>\n<\/tr>\n<tr>\n<td>9<\/td>\n<td>1979<\/td>\n<td>Kasteel Doornenburg<\/td>\n<td>Bemmel<\/td>\n<td>&nbsp;<\/td>\n<\/tr>\n<tr class=\"su-even\">\n<td>10<\/td>\n<td>1982<\/td>\n<td>Kurhotel Hoog-Elten<\/td>\n<td>Elten<\/td>\n<td>&nbsp;<\/td>\n<td>&nbsp;<\/td>\n<\/tr>\n<tr>\n<td>11<\/td>\n<td>1986<\/td>\n<td>Kurhotel Hoog-Elten<\/td>\n<td>&nbsp;<\/td>\n<td>&nbsp;<\/td>\n<td>&nbsp;<\/td>\n<\/tr>\n<tr class=\"su-even\">\n<td>12<\/td>\n<td>1999<\/td>\n<td>Restaurant Zum Schwan<\/td>\n<td>Asperden &amp; Kessel<\/td>\n<td>&nbsp;<\/td>\n<td>&nbsp;<\/td>\n<\/tr>\n<tr>\n<td>13<\/td>\n<td>2005<\/td>\n<td>Asperm\u00fchle<\/td>\n<td>Asperden<\/td>\n<td>&nbsp;<\/td>\n<\/tr>\n<tr class=\"su-even\">\n<td>14<\/td>\n<td>2011<\/td>\n<td>Slot Wissen<\/td>\n<td>Weeze<\/td>\n<td>&nbsp;<\/td>\n<td>&nbsp;<\/td>\n<\/tr>\n<tr>\n<td>15<\/td>\n<td>2016<\/td>\n<td>Zalencentrum Berentzen<\/td>\n<td>Het Loo<\/td>\n<\/tr>\n<\/tbody>\n<\/table>","protected":false},"excerpt":{"rendered":"Das Loo-Treffen am 25.&nbsp; Juni 2022 in Schloss Wissen. Klicken Sie hier f\u00fcr die versandte Einladung. Klicken Sie hier, um das Anmeldeformular im \n<a class=\"moretag\" href=\"https:\/\/www.loo-archief.nl\/de\/loo-tage\/\"> [...]<\/a>","protected":false},"author":1,"featured_media":0,"parent":0,"menu_order":0,"comment_status":"closed","ping_status":"closed","template":"","meta":{"footnotes":""},"class_list":["post-1706","page","type-page","status-publish","hentry"],"_links":{"self":[{"href":"https:\/\/www.loo-archief.nl\/de\/wp-json\/wp\/v2\/pages\/1706","targetHints":{"allow":["GET"]}}],"collection":[{"href":"https:\/\/www.loo-archief.nl\/de\/wp-json\/wp\/v2\/pages"}],"about":[{"href":"https:\/\/www.loo-archief.nl\/de\/wp-json\/wp\/v2\/types\/page"}],"author":[{"embeddable":true,"href":"https:\/\/www.loo-archief.nl\/de\/wp-json\/wp\/v2\/users\/1"}],"replies":[{"embeddable":true,"href":"https:\/\/www.loo-archief.nl\/de\/wp-json\/wp\/v2\/comments?post=1706"}],"version-history":[{"count":11,"href":"https:\/\/www.loo-archief.nl\/de\/wp-json\/wp\/v2\/pages\/1706\/revisions"}],"predecessor-version":[{"id":2294,"href":"https:\/\/www.loo-archief.nl\/de\/wp-json\/wp\/v2\/pages\/1706\/revisions\/2294"}],"wp:attachment":[{"href":"https:\/\/www.loo-archief.nl\/de\/wp-json\/wp\/v2\/media?parent=1706"}],"curies":[{"name":"wp","href":"https:\/\/api.w.org\/{rel}","templated":true}]}}